{"id":415,"date":"2022-05-04T18:10:57","date_gmt":"2022-05-04T18:10:57","guid":{"rendered":"https:\/\/vinoscantarina.es\/?page_id=415"},"modified":"2024-12-23T10:14:06","modified_gmt":"2024-12-23T10:14:06","slug":"la-cabeza-de-perro-rosado","status":"publish","type":"page","link":"https:\/\/vinoscantarina.es\/index.php\/la-cabeza-de-perro-rosado\/","title":{"rendered":"La Cabeza de Perro Rosado"},"content":{"rendered":"\n<div class=\"wp-block-columns is-layout-flex wp-container-core-columns-is-layout-9d6595d7 wp-block-columns-is-layout-flex\">\n<div class=\"wp-block-column is-layout-flow wp-block-column-is-layout-flow\" style=\"flex-basis:33.33%\">\n<figure class=\"wp-block-image size-large\"><img loading=\"lazy\" decoding=\"async\" width=\"315\" height=\"1024\" src=\"https:\/\/vinoscantarina.es\/wp-content\/uploads\/2022\/07\/CdPR_2020-315x1024.png\" alt=\"\" class=\"wp-image-428\" srcset=\"https:\/\/vinoscantarina.es\/wp-content\/uploads\/2022\/07\/CdPR_2020-315x1024.png 315w, https:\/\/vinoscantarina.es\/wp-content\/uploads\/2022\/07\/CdPR_2020-92x300.png 92w, https:\/\/vinoscantarina.es\/wp-content\/uploads\/2022\/07\/CdPR_2020-768x2493.png 768w, https:\/\/vinoscantarina.es\/wp-content\/uploads\/2022\/07\/CdPR_2020-473x1536.png 473w, https:\/\/vinoscantarina.es\/wp-content\/uploads\/2022\/07\/CdPR_2020.png 1225w\" sizes=\"auto, (max-width: 315px) 100vw, 315px\" \/><\/figure>\n<\/div>\n\n\n\n<div class=\"wp-block-column is-layout-flow wp-block-column-is-layout-flow\" style=\"flex-basis:66.66%\">\n<p>La Cabeza de Perro Rosado es un vino de menc\u00eda hecho para reivindicar la importancia de emplear buena uva para elaborar grandes vinos. Las cepas de m\u00e1s de 70 a\u00f1os de la vi\u00f1a vieja del El Cotelo, que estuvieron abandonadas durante 20 a\u00f1os, nos dan producci\u00f3n limitada de alta calidad tras 5 a\u00f1os de trabajo de recuperaci\u00f3n de las plantas y los suelos.<br>Buscamos elaborar un vino de placer, menc\u00eda rosado de pura fruta que concentra la pureza de la variedad en un vino limpio y brillante sin necesidad de filtrado ni clarificado. Vendimia manual, prensa directa y fermentaci\u00f3n espont\u00e1nea que resulta en un vino rosado perfumado y elegante que no dura mucho en la copa\u2026<\/p>\n\n\n\n<p>Color rosa frambuesa, brillante y limpio. En nariz es franco con mucha fruta, fresa y cereza y un ligero toque floral. En boca es muy fresco y presenta una buena acidez muy equilibrada. Est\u00e1 tan bueno como pinta en la copa!<\/p>\n\n\n\n<p><\/p>\n<\/div>\n<\/div>\n\n\n<!-- Ecwid shopping cart plugin v 6.12.12 --><!--noptimize--><script type=\"text\/javascript\">if (typeof jQuery !== undefined && jQuery.mobile) { jQuery.mobile.hashListeningEnabled = false; jQuery.mobile.pushStateEnabled=false; }<\/script><!--\/noptimize--><div class=\"ecwid ecwid-SingleProduct-v2 ecwid-Product ecwid-Product-464154134 ecwid-SingleProduct-v2-centered\" itemscope itemtype=\"http:\/\/schema.org\/Product\" data-single-product-id=\"464154134\" id=\"ecwid-shopping-cart-ecwid_product-1\"><div itemtype=\"http:\/\/schema.org\/Offer\" itemscope itemprop=\"offers\"><div class=\"ecwid-productBrowser-price ecwid-price\" itemprop=\"price\"  data-spw-price-location=\"button\" content=\"8.264463\"><div itemprop=\"priceCurrency\"><\/div><\/div><\/div><div customprop=\"addtobag\"><\/div><\/div> \t\t\t<!--noptimize-->\n\t\t\t<script data-cfasync=\"false\" data-no-optimize=\"1\" type=\"text\/javascript\">\n\t\t\twindow._xnext_initialization_scripts = window._xnext_initialization_scripts || [];\n\t\t\twindow._xnext_initialization_scripts.push({widgetType: 'Product', id: 'ecwid-shopping-cart-ecwid_product-1', arg: [\"display= price addtobag\",\"link=yes\",\"version=2\",\"show_border=\",\"show_price_on_button=1\",\"center_align=1\"]});\n\t\t\t<\/script>\n\t\t\t<!--\/noptimize-->\n\t\t\t<!-- END Ecwid Shopping Cart v 6.12.12 -->","protected":false},"excerpt":{"rendered":"<p>La Cabeza de Perro Rosado es un vino de menc\u00eda hecho para reivindicar la importancia de emplear buena uva para elaborar grandes vinos. Las cepas de m\u00e1s de 70 a\u00f1os de la vi\u00f1a vieja del El Cotelo, que estuvieron abandonadas durante 20 a\u00f1os, nos dan producci\u00f3n limitada de alta calidad tras 5 a\u00f1os de trabajo &hellip; <\/p>\n<p class=\"link-more\"><a href=\"https:\/\/vinoscantarina.es\/index.php\/la-cabeza-de-perro-rosado\/\" class=\"more-link\">Continuar leyendo<span class=\"screen-reader-text\"> \u00abLa Cabeza de Perro Rosado\u00bb<\/span><\/a><\/p>\n","protected":false},"author":1,"featured_media":0,"parent":0,"menu_order":0,"comment_status":"closed","ping_status":"closed","template":"","meta":{"footnotes":""},"class_list":["post-415","page","type-page","status-publish","hentry"],"yoast_head":"<!-- This site is optimized with the Yoast SEO plugin v27.5 - https:\/\/yoast.com\/product\/yoast-seo-wordpress\/ -->\n<title>La Cabeza de Perro Rosado - Cantari\u00f1a Vinos de Familia<\/title>\n<meta name=\"robots\" content=\"index, follow, max-snippet:-1, max-image-preview:large, max-video-preview:-1\" \/>\n<link rel=\"canonical\" href=\"https:\/\/vinoscantarina.es\/index.php\/la-cabeza-de-perro-rosado\/\" \/>\n<meta property=\"og:locale\" content=\"es_ES\" \/>\n<meta property=\"og:type\" content=\"article\" \/>\n<meta property=\"og:title\" content=\"La Cabeza de Perro Rosado - Cantari\u00f1a Vinos de Familia\" \/>\n<meta property=\"og:description\" content=\"La Cabeza de Perro Rosado es un vino de menc\u00eda hecho para reivindicar la importancia de emplear buena uva para elaborar grandes vinos. Las cepas de m\u00e1s de 70 a\u00f1os de la vi\u00f1a vieja del El Cotelo, que estuvieron abandonadas durante 20 a\u00f1os, nos dan producci\u00f3n limitada de alta calidad tras 5 a\u00f1os de trabajo &hellip; Continuar leyendo &quot;La Cabeza de Perro Rosado&quot;\" \/>\n<meta property=\"og:url\" content=\"https:\/\/vinoscantarina.es\/index.php\/la-cabeza-de-perro-rosado\/\" \/>\n<meta property=\"og:site_name\" content=\"Cantari\u00f1a Vinos de Familia\" \/>\n<meta property=\"article:modified_time\" content=\"2024-12-23T10:14:06+00:00\" \/>\n<meta property=\"og:image\" content=\"https:\/\/vinoscantarina.es\/wp-content\/uploads\/2022\/07\/CdPR_2020-315x1024.png\" \/>\n\t<meta property=\"og:image:width\" content=\"315\" \/>\n\t<meta property=\"og:image:height\" content=\"1024\" \/>\n\t<meta property=\"og:image:type\" content=\"image\/png\" \/>\n<meta name=\"twitter:label1\" content=\"Tiempo de lectura\" \/>\n\t<meta name=\"twitter:data1\" content=\"1 minuto\" \/>\n<script type=\"application\/ld+json\" class=\"yoast-schema-graph\">{\"@context\":\"https:\\\/\\\/schema.org\",\"@graph\":[{\"@type\":\"WebPage\",\"@id\":\"https:\\\/\\\/vinoscantarina.es\\\/index.php\\\/la-cabeza-de-perro-rosado\\\/\",\"url\":\"https:\\\/\\\/vinoscantarina.es\\\/index.php\\\/la-cabeza-de-perro-rosado\\\/\",\"name\":\"La Cabeza de Perro Rosado - Cantari\u00f1a Vinos de Familia\",\"isPartOf\":{\"@id\":\"https:\\\/\\\/vinoscantarina.es\\\/#website\"},\"primaryImageOfPage\":{\"@id\":\"https:\\\/\\\/vinoscantarina.es\\\/index.php\\\/la-cabeza-de-perro-rosado\\\/#primaryimage\"},\"image\":{\"@id\":\"https:\\\/\\\/vinoscantarina.es\\\/index.php\\\/la-cabeza-de-perro-rosado\\\/#primaryimage\"},\"thumbnailUrl\":\"https:\\\/\\\/vinoscantarina.es\\\/wp-content\\\/uploads\\\/2022\\\/07\\\/CdPR_2020-315x1024.png\",\"datePublished\":\"2022-05-04T18:10:57+00:00\",\"dateModified\":\"2024-12-23T10:14:06+00:00\",\"breadcrumb\":{\"@id\":\"https:\\\/\\\/vinoscantarina.es\\\/index.php\\\/la-cabeza-de-perro-rosado\\\/#breadcrumb\"},\"inLanguage\":\"es\",\"potentialAction\":[{\"@type\":\"ReadAction\",\"target\":[\"https:\\\/\\\/vinoscantarina.es\\\/index.php\\\/la-cabeza-de-perro-rosado\\\/\"]}]},{\"@type\":\"ImageObject\",\"inLanguage\":\"es\",\"@id\":\"https:\\\/\\\/vinoscantarina.es\\\/index.php\\\/la-cabeza-de-perro-rosado\\\/#primaryimage\",\"url\":\"https:\\\/\\\/vinoscantarina.es\\\/wp-content\\\/uploads\\\/2022\\\/07\\\/CdPR_2020.png\",\"contentUrl\":\"https:\\\/\\\/vinoscantarina.es\\\/wp-content\\\/uploads\\\/2022\\\/07\\\/CdPR_2020.png\",\"width\":1225,\"height\":3977},{\"@type\":\"BreadcrumbList\",\"@id\":\"https:\\\/\\\/vinoscantarina.es\\\/index.php\\\/la-cabeza-de-perro-rosado\\\/#breadcrumb\",\"itemListElement\":[{\"@type\":\"ListItem\",\"position\":1,\"name\":\"Portada\",\"item\":\"https:\\\/\\\/vinoscantarina.es\\\/\"},{\"@type\":\"ListItem\",\"position\":2,\"name\":\"La Cabeza de Perro Rosado\"}]},{\"@type\":\"WebSite\",\"@id\":\"https:\\\/\\\/vinoscantarina.es\\\/#website\",\"url\":\"https:\\\/\\\/vinoscantarina.es\\\/\",\"name\":\"Cantari\u00f1a Vinos de Familia\",\"description\":\"Vinos del Bierzo, Vinos para Disfrutar\",\"publisher\":{\"@id\":\"https:\\\/\\\/vinoscantarina.es\\\/#organization\"},\"potentialAction\":[{\"@type\":\"SearchAction\",\"target\":{\"@type\":\"EntryPoint\",\"urlTemplate\":\"https:\\\/\\\/vinoscantarina.es\\\/?s={search_term_string}\"},\"query-input\":{\"@type\":\"PropertyValueSpecification\",\"valueRequired\":true,\"valueName\":\"search_term_string\"}}],\"inLanguage\":\"es\"},{\"@type\":\"Organization\",\"@id\":\"https:\\\/\\\/vinoscantarina.es\\\/#organization\",\"name\":\"Cantari\u00f1a Vinos de Familia\",\"url\":\"https:\\\/\\\/vinoscantarina.es\\\/\",\"logo\":{\"@type\":\"ImageObject\",\"inLanguage\":\"es\",\"@id\":\"https:\\\/\\\/vinoscantarina.es\\\/#\\\/schema\\\/logo\\\/image\\\/\",\"url\":\"https:\\\/\\\/vinoscantarina.es\\\/wp-content\\\/uploads\\\/2021\\\/05\\\/cropped-Cantarina.png\",\"contentUrl\":\"https:\\\/\\\/vinoscantarina.es\\\/wp-content\\\/uploads\\\/2021\\\/05\\\/cropped-Cantarina.png\",\"width\":250,\"height\":250,\"caption\":\"Cantari\u00f1a Vinos de Familia\"},\"image\":{\"@id\":\"https:\\\/\\\/vinoscantarina.es\\\/#\\\/schema\\\/logo\\\/image\\\/\"}}]}<\/script>\n<!-- \/ Yoast SEO plugin. -->","yoast_head_json":{"title":"La Cabeza de Perro Rosado - Cantari\u00f1a Vinos de Familia","robots":{"index":"index","follow":"follow","max-snippet":"max-snippet:-1","max-image-preview":"max-image-preview:large","max-video-preview":"max-video-preview:-1"},"canonical":"https:\/\/vinoscantarina.es\/index.php\/la-cabeza-de-perro-rosado\/","og_locale":"es_ES","og_type":"article","og_title":"La Cabeza de Perro Rosado - Cantari\u00f1a Vinos de Familia","og_description":"La Cabeza de Perro Rosado es un vino de menc\u00eda hecho para reivindicar la importancia de emplear buena uva para elaborar grandes vinos. Las cepas de m\u00e1s de 70 a\u00f1os de la vi\u00f1a vieja del El Cotelo, que estuvieron abandonadas durante 20 a\u00f1os, nos dan producci\u00f3n limitada de alta calidad tras 5 a\u00f1os de trabajo &hellip; Continuar leyendo \"La Cabeza de Perro Rosado\"","og_url":"https:\/\/vinoscantarina.es\/index.php\/la-cabeza-de-perro-rosado\/","og_site_name":"Cantari\u00f1a Vinos de Familia","article_modified_time":"2024-12-23T10:14:06+00:00","og_image":[{"width":315,"height":1024,"url":"https:\/\/vinoscantarina.es\/wp-content\/uploads\/2022\/07\/CdPR_2020-315x1024.png","type":"image\/png"}],"twitter_misc":{"Tiempo de lectura":"1 minuto"},"schema":{"@context":"https:\/\/schema.org","@graph":[{"@type":"WebPage","@id":"https:\/\/vinoscantarina.es\/index.php\/la-cabeza-de-perro-rosado\/","url":"https:\/\/vinoscantarina.es\/index.php\/la-cabeza-de-perro-rosado\/","name":"La Cabeza de Perro Rosado - Cantari\u00f1a Vinos de Familia","isPartOf":{"@id":"https:\/\/vinoscantarina.es\/#website"},"primaryImageOfPage":{"@id":"https:\/\/vinoscantarina.es\/index.php\/la-cabeza-de-perro-rosado\/#primaryimage"},"image":{"@id":"https:\/\/vinoscantarina.es\/index.php\/la-cabeza-de-perro-rosado\/#primaryimage"},"thumbnailUrl":"https:\/\/vinoscantarina.es\/wp-content\/uploads\/2022\/07\/CdPR_2020-315x1024.png","datePublished":"2022-05-04T18:10:57+00:00","dateModified":"2024-12-23T10:14:06+00:00","breadcrumb":{"@id":"https:\/\/vinoscantarina.es\/index.php\/la-cabeza-de-perro-rosado\/#breadcrumb"},"inLanguage":"es","potentialAction":[{"@type":"ReadAction","target":["https:\/\/vinoscantarina.es\/index.php\/la-cabeza-de-perro-rosado\/"]}]},{"@type":"ImageObject","inLanguage":"es","@id":"https:\/\/vinoscantarina.es\/index.php\/la-cabeza-de-perro-rosado\/#primaryimage","url":"https:\/\/vinoscantarina.es\/wp-content\/uploads\/2022\/07\/CdPR_2020.png","contentUrl":"https:\/\/vinoscantarina.es\/wp-content\/uploads\/2022\/07\/CdPR_2020.png","width":1225,"height":3977},{"@type":"BreadcrumbList","@id":"https:\/\/vinoscantarina.es\/index.php\/la-cabeza-de-perro-rosado\/#breadcrumb","itemListElement":[{"@type":"ListItem","position":1,"name":"Portada","item":"https:\/\/vinoscantarina.es\/"},{"@type":"ListItem","position":2,"name":"La Cabeza de Perro Rosado"}]},{"@type":"WebSite","@id":"https:\/\/vinoscantarina.es\/#website","url":"https:\/\/vinoscantarina.es\/","name":"Cantari\u00f1a Vinos de Familia","description":"Vinos del Bierzo, Vinos para Disfrutar","publisher":{"@id":"https:\/\/vinoscantarina.es\/#organization"},"potentialAction":[{"@type":"SearchAction","target":{"@type":"EntryPoint","urlTemplate":"https:\/\/vinoscantarina.es\/?s={search_term_string}"},"query-input":{"@type":"PropertyValueSpecification","valueRequired":true,"valueName":"search_term_string"}}],"inLanguage":"es"},{"@type":"Organization","@id":"https:\/\/vinoscantarina.es\/#organization","name":"Cantari\u00f1a Vinos de Familia","url":"https:\/\/vinoscantarina.es\/","logo":{"@type":"ImageObject","inLanguage":"es","@id":"https:\/\/vinoscantarina.es\/#\/schema\/logo\/image\/","url":"https:\/\/vinoscantarina.es\/wp-content\/uploads\/2021\/05\/cropped-Cantarina.png","contentUrl":"https:\/\/vinoscantarina.es\/wp-content\/uploads\/2021\/05\/cropped-Cantarina.png","width":250,"height":250,"caption":"Cantari\u00f1a Vinos de Familia"},"image":{"@id":"https:\/\/vinoscantarina.es\/#\/schema\/logo\/image\/"}}]}},"_links":{"self":[{"href":"https:\/\/vinoscantarina.es\/index.php\/wp-json\/wp\/v2\/pages\/415","targetHints":{"allow":["GET"]}}],"collection":[{"href":"https:\/\/vinoscantarina.es\/index.php\/wp-json\/wp\/v2\/pages"}],"about":[{"href":"https:\/\/vinoscantarina.es\/index.php\/wp-json\/wp\/v2\/types\/page"}],"author":[{"embeddable":true,"href":"https:\/\/vinoscantarina.es\/index.php\/wp-json\/wp\/v2\/users\/1"}],"replies":[{"embeddable":true,"href":"https:\/\/vinoscantarina.es\/index.php\/wp-json\/wp\/v2\/comments?post=415"}],"version-history":[{"count":5,"href":"https:\/\/vinoscantarina.es\/index.php\/wp-json\/wp\/v2\/pages\/415\/revisions"}],"predecessor-version":[{"id":596,"href":"https:\/\/vinoscantarina.es\/index.php\/wp-json\/wp\/v2\/pages\/415\/revisions\/596"}],"wp:attachment":[{"href":"https:\/\/vinoscantarina.es\/index.php\/wp-json\/wp\/v2\/media?parent=415"}],"curies":[{"name":"wp","href":"https:\/\/api.w.org\/{rel}","templated":true}]}}